{"version":"1.0","provider_name":"MPPPST","provider_url":"https:\/\/www.mpppst.gob.ve\/mpppstweb","author_name":"MPPPST Prensa","author_url":"https:\/\/www.mpppst.gob.ve\/mpppstweb\/index.php\/author\/prensa-mpppst\/","title":"Una caravana de profundo amor a Ch\u00e1vez - MPPPST","type":"rich","width":600,"height":338,"html":"<blockquote class=\"wp-embedded-content\" data-secret=\"K6wwmQVW5r\"><a href=\"https:\/\/www.mpppst.gob.ve\/mpppstweb\/index.php\/2016\/03\/06\/una-caravana-de-profundo-amor-a-chavez\/\">Una caravana de profundo amor a Ch\u00e1vez<\/a><\/blockquote><iframe sandbox=\"allow-scripts\" security=\"restricted\" src=\"https:\/\/www.mpppst.gob.ve\/mpppstweb\/index.php\/2016\/03\/06\/una-caravana-de-profundo-amor-a-chavez\/embed\/#?secret=K6wwmQVW5r\" width=\"600\" height=\"338\" title=\"\u00abUna caravana de profundo amor a Ch\u00e1vez\u00bb \u2014 MPPPST\" data-secret=\"K6wwmQVW5r\" frameborder=\"0\" marginwidth=\"0\" marginheight=\"0\" scrolling=\"no\" class=\"wp-embedded-content\"><\/iframe><script>\n\/*! This file is auto-generated *\/\n!function(c,d){\"use strict\";var e=!1,o=!1;if(d.querySelector)if(c.addEventListener)e=!0;if(c.wp=c.wp||{},c.wp.receiveEmbedMessage);else if(c.wp.receiveEmbedMessage=function(e){var t=e.data;if(!t);else if(!(t.secret||t.message||t.value));else if(\/[^a-zA-Z0-9]\/.test(t.secret));else{for(var r,s,a,i=d.querySelectorAll('iframe[data-secret=\"'+t.secret+'\"]'),n=d.querySelectorAll('blockquote[data-secret=\"'+t.secret+'\"]'),o=new RegExp(\"^https?:$\",\"i\"),l=0;l<n.length;l++)n[l].style.display=\"none\";for(l=0;l<i.length;l++)if(r=i[l],e.source!==r.contentWindow);else{if(r.removeAttribute(\"style\"),\"height\"===t.message){if(1e3<(s=parseInt(t.value,10)))s=1e3;else if(~~s<200)s=200;r.height=s}if(\"link\"===t.message)if(s=d.createElement(\"a\"),a=d.createElement(\"a\"),s.href=r.getAttribute(\"src\"),a.href=t.value,!o.test(a.protocol));else if(a.host===s.host)if(d.activeElement===r)c.top.location.href=t.value}}},e)c.addEventListener(\"message\",c.wp.receiveEmbedMessage,!1),d.addEventListener(\"DOMContentLoaded\",t,!1),c.addEventListener(\"load\",t,!1);function t(){if(o);else{o=!0;for(var e,t,r,s=-1!==navigator.appVersion.indexOf(\"MSIE 10\"),a=!!navigator.userAgent.match(\/Trident.*rv:11\\.\/),i=d.querySelectorAll(\"iframe.wp-embedded-content\"),n=0;n<i.length;n++){if(!(r=(t=i[n]).getAttribute(\"data-secret\")))r=Math.random().toString(36).substr(2,10),t.src+=\"#?secret=\"+r,t.setAttribute(\"data-secret\",r);if(s||a)(e=t.cloneNode(!0)).removeAttribute(\"security\"),t.parentNode.replaceChild(e,t);t.contentWindow.postMessage({message:\"ready\",secret:r},\"*\")}}}}(window,document);\n<\/script>\n","thumbnail_url":"https:\/\/www.mpppst.gob.ve\/mpppstweb\/wp-content\/uploads\/2016\/03\/chavez-y-pueblo.jpeg","thumbnail_width":620,"thumbnail_height":414,"description":"Luego de las 11 de la ma\u00f1ana, empez\u00f3 la caravana que rememor\u00f3 la trayectoria realizada hace tres a\u00f1os con el fin de acompa\u00f1ar al Presidente Hugo Ch\u00e1vez desde el Hospital Dr. Carlos Arvelo hasta la Academia Militar del Ej\u00e9rcito Bolivariano, la casa de los sue\u00f1os azules de Ch\u00e1vez."}